{"id":72,"date":"2018-06-27T10:01:43","date_gmt":"2018-06-27T08:01:43","guid":{"rendered":"https:\/\/moblesllombart.com\/?page_id=72"},"modified":"2018-06-27T10:08:25","modified_gmt":"2018-06-27T08:08:25","slug":"politica-privacidad","status":"publish","type":"page","link":"https:\/\/moblesllombart.com\/es\/politica-privacidad\/","title":{"rendered":"Pol\u00edtica de privacidad"},"content":{"rendered":"<h1>Informaci\u00f3n sobre nuestra pol\u00edtica de protecci\u00f3n de datos<\/h1>\n<p>En conformidad con el Reglamento General de Protecci\u00f3n de Datos lo informamos a continuaci\u00f3n sobre el uso que hacemos de sus datos personales por parte de Muebles\u00a0Llombart\u00a0S.C. durante la navegaci\u00f3n por nuestra p\u00e1gina web y de nuestros clientes.<\/p>\n<h2>Responsable del tratamiento de sus datos<\/h2>\n<p><strong>Identidad:<\/strong>\u00a0Muebles\u00a0Llombart\u00a0S.C. NIF: J17550450<br \/>\n<strong>Dir. Postal:<\/strong> Avda. Catalu\u00f1a 12, 17520 Puigcerd\u00e1 (Girona)<br \/>\n<strong>Tel\u00e9fono:<\/strong> (+34) 972 14 10 85<br \/>\n<strong>Correo electr\u00f3nico:<\/strong> info@moblesllombart.com<\/p>\n<h2>Finalidad del tratamiento<\/h2>\n<p><strong>Con qu\u00e9 finalidad tratamos sus datos personales?<\/strong><\/p>\n<p>En Muebles\u00a0Llombart\u00a0tratamos los datos de nuestros visitantes y usuarios de nuestra p\u00e1gina web para:<\/p>\n<ul>\n<li>Atender sus solicitudes de informaci\u00f3n u otras peticiones mediante los datos que proporciona voluntariamente en los formularios de contacto habilitados a nuestra p\u00e1gina web.<\/li>\n<li>Notificar cambios por v\u00eda electr\u00f3nica de nuestras condiciones legales.<\/li>\n<li>Atender las solicitudes de trabajo y la gesti\u00f3n de los curr\u00edculums de los posibles candidatos que contacten con Muebles\u00a0Llombart\u00a0mediante el formulario creado a tal efecto.<\/li>\n<\/ul>\n<p>En Muebles\u00a0Llombart\u00a0tratamos los datos de nuestros clientes para:<\/p>\n<ul>\n<li>Poder realizar un presupuesto en caso de que usted lo solicite.<\/li>\n<li>Realizar las tareas de facturaci\u00f3n y contabilidad.<\/li>\n<li>Realizar lo entrega y\/o montaje de los productos que usted haya adquirido.<\/li>\n<\/ul>\n<p>&#8212; Lo informamos que nuestra p\u00e1gina web no utiliza\u00a0cookies.<\/p>\n<h2>Por cu\u00e1nto de tiempo conservaremos sus datos?<\/h2>\n<p>Los datos facilitados mediante formularios de contacto, se conservar\u00e1n \u00fanicamente durante el periodo necesario para dar respuesta a su solicitud. En caso de enviarle un presupuesto, sus datos ser\u00e1n conservados durante 1 a\u00f1o y en caso de no convertirse en cliente ser\u00e1n eliminadas atendiendo en todo momento a los derechos que tienen los usuarios de acuerdo con la ley.<\/p>\n<p>Los datos de candidatos a un puesto de trabajo en Muebles\u00a0Llombart\u00a0ser\u00e1n eliminados de forma inmediata un golpe evaluada su candidatura en caso de no ser de nuestro inter\u00e9s. En caso de tener en consideraci\u00f3n su candidatura para un lugar vacante o para futuras posiciones suyo curr\u00edculum se conservar\u00e1 por un m\u00e1ximo de un a\u00f1o.<\/p>\n<p>Los datos de nuestros clientes se conservar\u00e1n durante un periodo de cinco a\u00f1os para atender nuestras responsabilidades contables y fiscales.<\/p>\n<h2>Legitimaci\u00f3n<\/h2>\n<p><strong>\u00bfC\u00faal es la legitimaci\u00f3n para el tratamiento de sus datos?<\/strong><\/p>\n<p>La base legal para el tratamiento de sus datos es su aceptaci\u00f3n de nuestros t\u00e9rminos legales establecidos en nuestra p\u00e1gina web y su libre voluntad de contactar con nosotros para solicitar informaci\u00f3n o enviar su curr\u00edculum vitae a Muebles\u00a0Llombart.<\/p>\n<p>En cualquier momento que se soliciten datos personales de nuestros usuarios y previo a su env\u00edo, usted tendr\u00e1 que marcar obligatoriamente la casilla de verificaci\u00f3n que se\u00f1ala haber le\u00eddo, comprendido y estar de acuerdo con nuestra pol\u00edtica de protecci\u00f3n de datos.<\/p>\n<p>La base legal para el tratamiento de los datos de nuestros clientes viene legitimada para la existencia de una relaci\u00f3n comercial.<\/p>\n<h2>Destinatarios<\/h2>\n<p><strong>A qu\u00e9 destinatarios se comunicar\u00e1n sus datos?<\/strong><\/p>\n<p>Los datos personales no se comunicar\u00e1n a terceras empresas.<\/p>\n<h2>Derechos<\/h2>\n<p><strong>Cu\u00e1les son sus derechos cuando nos facilita sus datos?<\/strong><\/p>\n<ol>\n<li>Cualquier usuario tiene derecho a obtener confirmaci\u00f3n sobre s\u00ed a Muebles\u00a0Llombart estamos tratando datos personales que los conciernen o no.<\/li>\n<li>Tienen derecho a acceder a sus datos personales, as\u00ed como a solicitar la rectificaci\u00f3n de los datos inexactos o, si procede, solicitar su supresi\u00f3n cuando entre otros motivos, los datos ya no sean necesarios para los hasta que fueron recogidas.<\/li>\n<li>En determinadas circunstancias, pueden solicitar la limitaci\u00f3n del tratamiento de sus datos, en este caso \u00fanicamente los conservaremos para el ejercicio o la defensa de reclamaciones.<\/li>\n<li>En determinadas circunstancias y por motivos relacionados con su situaci\u00f3n particular, podr\u00e1n oponerse al tratamiento de sus datos. Muebles\u00a0Llombart\u00a0dejar\u00e1 de tratar los datos, excepto por motivos leg\u00edtimos imperiosos, o el ejercicio o la defensa de posibles reclamaciones.<\/li>\n<\/ol>\n<h2>C\u00f3mo puede ejercer sus derechos?<\/h2>\n<p>Puede ejercer sus derechos mediante solicitud escrita por correo postal o correo electr\u00f3nico, adjuntando fotocopia de su DNI a las direcciones indicadas en el apartado \u00abResponsable del tratamiento de sus datos\u00bb.<\/p>\n<h2>C\u00f3mo puede hacer una reclamaci\u00f3n?<\/h2>\n<p>Los interesados podr\u00e1n dirigir sus reclamaciones a las autoridades de protecci\u00f3n de datos en el caso de considerar vulnerados sus derechos en la forma en que Muebles\u00a0Llombart\u00a0trata sus datos personales.<br \/>\nPara lo cual puede dirigirse a la Agencia de Protecci\u00f3n de Datos C \/ Jorge Juan 6, 28001 Madrid Tel. +34 913.996.200<\/p>\n<h2>Seguridad<\/h2>\n<p>C\u00f3mo protegemos sus datos?<\/p>\n<p>Muebles\u00a0Llombart\u00a0ha tomado una serie de medidas de seguridad para proteger adecuadamente la informaci\u00f3n con que trabaja que contenga datos de car\u00e1cter personal.<\/p>\n<p>Todos los datos almacenados por Muebles\u00a0Llombart\u00a0est\u00e1n protegidos por medidas f\u00edsicas, t\u00e9cnicas y organizativas para restringir el acceso a la informaci\u00f3n \u00fanicamente al personal y empresas autorizadas garantizando su integridad, disponibilidad y confidencialidad.<\/p>\n","protected":false},"excerpt":{"rendered":"<p>Informaci\u00f3n sobre nuestra pol\u00edtica de protecci\u00f3n de datos En conformidad con el Reglamento General de Protecci\u00f3n de Datos lo informamos a continuaci\u00f3n sobre el uso que hacemos de sus datos personales por parte de Muebles\u00a0Llombart\u00a0S.C. durante la navegaci\u00f3n por nuestra p\u00e1gina web y de nuestros clientes. Responsable del tratamiento de sus datos Identidad:\u00a0Muebles\u00a0Llombart\u00a0S.C. NIF: J17550450 &#8230; <a title=\"Pol\u00edtica de privacidad\" class=\"read-more\" href=\"https:\/\/moblesllombart.com\/es\/politica-privacidad\/\" aria-label=\"Leer m\u00e1s sobre Pol\u00edtica de privacidad\">Leer m\u00e1s<\/a><\/p>\n","protected":false},"author":1,"featured_media":0,"parent":0,"menu_order":0,"comment_status":"closed","ping_status":"closed","template":"","meta":{"footnotes":""},"class_list":["post-72","page","type-page","status-publish"],"yoast_head":"<!-- This site is optimized with the Yoast SEO plugin v27.5 - https:\/\/yoast.com\/product\/yoast-seo-wordpress\/ -->\n<title>Pol\u00edtica de privacidad - Muebles Llombart<\/title>\n<meta name=\"robots\" content=\"noindex, follow\" \/>\n<meta property=\"og:locale\" content=\"es_ES\" \/>\n<meta property=\"og:type\" content=\"article\" \/>\n<meta property=\"og:title\" content=\"Pol\u00edtica de privacidad - Muebles Llombart\" \/>\n<meta property=\"og:description\" content=\"Informaci\u00f3n sobre nuestra pol\u00edtica de protecci\u00f3n de datos En conformidad con el Reglamento General de Protecci\u00f3n de Datos lo informamos a continuaci\u00f3n sobre el uso que hacemos de sus datos personales por parte de Muebles\u00a0Llombart\u00a0S.C. durante la navegaci\u00f3n por nuestra p\u00e1gina web y de nuestros clientes. Responsable del tratamiento de sus datos Identidad:\u00a0Muebles\u00a0Llombart\u00a0S.C. NIF: J17550450 ... Leer m\u00e1s\" \/>\n<meta property=\"og:url\" content=\"https:\/\/moblesllombart.com\/es\/politica-privacidad\/\" \/>\n<meta property=\"og:site_name\" content=\"Muebles Llombart\" \/>\n<meta property=\"article:modified_time\" content=\"2018-06-27T08:08:25+00:00\" \/>\n<meta name=\"twitter:card\" content=\"summary_large_image\" \/>\n<meta name=\"twitter:label1\" content=\"Tiempo de lectura\" \/>\n\t<meta name=\"twitter:data1\" content=\"4 minutos\" \/>\n<script type=\"application\/ld+json\" class=\"yoast-schema-graph\">{\"@context\":\"https:\\\/\\\/schema.org\",\"@graph\":[{\"@type\":\"WebPage\",\"@id\":\"https:\\\/\\\/moblesllombart.com\\\/es\\\/politica-privacidad\\\/\",\"url\":\"https:\\\/\\\/moblesllombart.com\\\/es\\\/politica-privacidad\\\/\",\"name\":\"Pol\u00edtica de privacidad - Muebles Llombart\",\"isPartOf\":{\"@id\":\"https:\\\/\\\/moblesllombart.com\\\/es\\\/#website\"},\"datePublished\":\"2018-06-27T08:01:43+00:00\",\"dateModified\":\"2018-06-27T08:08:25+00:00\",\"breadcrumb\":{\"@id\":\"https:\\\/\\\/moblesllombart.com\\\/es\\\/politica-privacidad\\\/#breadcrumb\"},\"inLanguage\":\"es\",\"potentialAction\":[{\"@type\":\"ReadAction\",\"target\":[\"https:\\\/\\\/moblesllombart.com\\\/es\\\/politica-privacidad\\\/\"]}]},{\"@type\":\"BreadcrumbList\",\"@id\":\"https:\\\/\\\/moblesllombart.com\\\/es\\\/politica-privacidad\\\/#breadcrumb\",\"itemListElement\":[{\"@type\":\"ListItem\",\"position\":1,\"name\":\"Inici\",\"item\":\"https:\\\/\\\/moblesllombart.com\\\/es\\\/\"},{\"@type\":\"ListItem\",\"position\":2,\"name\":\"Pol\u00edtica de privacidad\"}]},{\"@type\":\"WebSite\",\"@id\":\"https:\\\/\\\/moblesllombart.com\\\/es\\\/#website\",\"url\":\"https:\\\/\\\/moblesllombart.com\\\/es\\\/\",\"name\":\"Muebles Llombart\",\"description\":\"Muebles y Colchones Puigcerd\u00e1 - Cerdanya\",\"publisher\":{\"@id\":\"https:\\\/\\\/moblesllombart.com\\\/es\\\/#organization\"},\"potentialAction\":[{\"@type\":\"SearchAction\",\"target\":{\"@type\":\"EntryPoint\",\"urlTemplate\":\"https:\\\/\\\/moblesllombart.com\\\/es\\\/?s={search_term_string}\"},\"query-input\":{\"@type\":\"PropertyValueSpecification\",\"valueRequired\":true,\"valueName\":\"search_term_string\"}}],\"inLanguage\":\"es\"},{\"@type\":\"Organization\",\"@id\":\"https:\\\/\\\/moblesllombart.com\\\/es\\\/#organization\",\"name\":\"Muebles Llombart\",\"url\":\"https:\\\/\\\/moblesllombart.com\\\/es\\\/\",\"logo\":{\"@type\":\"ImageObject\",\"inLanguage\":\"es\",\"@id\":\"https:\\\/\\\/moblesllombart.com\\\/es\\\/#\\\/schema\\\/logo\\\/image\\\/\",\"url\":\"https:\\\/\\\/moblesllombart.com\\\/wp-content\\\/uploads\\\/2019\\\/01\\\/mobles-llombart-1.svg\",\"contentUrl\":\"https:\\\/\\\/moblesllombart.com\\\/wp-content\\\/uploads\\\/2019\\\/01\\\/mobles-llombart-1.svg\",\"caption\":\"Muebles Llombart\"},\"image\":{\"@id\":\"https:\\\/\\\/moblesllombart.com\\\/es\\\/#\\\/schema\\\/logo\\\/image\\\/\"},\"sameAs\":[\"https:\\\/\\\/www.instagram.com\\\/moblesllombart\\\/\"]}]}<\/script>\n<!-- \/ Yoast SEO plugin. -->","yoast_head_json":{"title":"Pol\u00edtica de privacidad - Muebles Llombart","robots":{"index":"noindex","follow":"follow"},"og_locale":"es_ES","og_type":"article","og_title":"Pol\u00edtica de privacidad - Muebles Llombart","og_description":"Informaci\u00f3n sobre nuestra pol\u00edtica de protecci\u00f3n de datos En conformidad con el Reglamento General de Protecci\u00f3n de Datos lo informamos a continuaci\u00f3n sobre el uso que hacemos de sus datos personales por parte de Muebles\u00a0Llombart\u00a0S.C. durante la navegaci\u00f3n por nuestra p\u00e1gina web y de nuestros clientes. Responsable del tratamiento de sus datos Identidad:\u00a0Muebles\u00a0Llombart\u00a0S.C. NIF: J17550450 ... Leer m\u00e1s","og_url":"https:\/\/moblesllombart.com\/es\/politica-privacidad\/","og_site_name":"Muebles Llombart","article_modified_time":"2018-06-27T08:08:25+00:00","twitter_card":"summary_large_image","twitter_misc":{"Tiempo de lectura":"4 minutos"},"schema":{"@context":"https:\/\/schema.org","@graph":[{"@type":"WebPage","@id":"https:\/\/moblesllombart.com\/es\/politica-privacidad\/","url":"https:\/\/moblesllombart.com\/es\/politica-privacidad\/","name":"Pol\u00edtica de privacidad - Muebles Llombart","isPartOf":{"@id":"https:\/\/moblesllombart.com\/es\/#website"},"datePublished":"2018-06-27T08:01:43+00:00","dateModified":"2018-06-27T08:08:25+00:00","breadcrumb":{"@id":"https:\/\/moblesllombart.com\/es\/politica-privacidad\/#breadcrumb"},"inLanguage":"es","potentialAction":[{"@type":"ReadAction","target":["https:\/\/moblesllombart.com\/es\/politica-privacidad\/"]}]},{"@type":"BreadcrumbList","@id":"https:\/\/moblesllombart.com\/es\/politica-privacidad\/#breadcrumb","itemListElement":[{"@type":"ListItem","position":1,"name":"Inici","item":"https:\/\/moblesllombart.com\/es\/"},{"@type":"ListItem","position":2,"name":"Pol\u00edtica de privacidad"}]},{"@type":"WebSite","@id":"https:\/\/moblesllombart.com\/es\/#website","url":"https:\/\/moblesllombart.com\/es\/","name":"Muebles Llombart","description":"Muebles y Colchones Puigcerd\u00e1 - Cerdanya","publisher":{"@id":"https:\/\/moblesllombart.com\/es\/#organization"},"potentialAction":[{"@type":"SearchAction","target":{"@type":"EntryPoint","urlTemplate":"https:\/\/moblesllombart.com\/es\/?s={search_term_string}"},"query-input":{"@type":"PropertyValueSpecification","valueRequired":true,"valueName":"search_term_string"}}],"inLanguage":"es"},{"@type":"Organization","@id":"https:\/\/moblesllombart.com\/es\/#organization","name":"Muebles Llombart","url":"https:\/\/moblesllombart.com\/es\/","logo":{"@type":"ImageObject","inLanguage":"es","@id":"https:\/\/moblesllombart.com\/es\/#\/schema\/logo\/image\/","url":"https:\/\/moblesllombart.com\/wp-content\/uploads\/2019\/01\/mobles-llombart-1.svg","contentUrl":"https:\/\/moblesllombart.com\/wp-content\/uploads\/2019\/01\/mobles-llombart-1.svg","caption":"Muebles Llombart"},"image":{"@id":"https:\/\/moblesllombart.com\/es\/#\/schema\/logo\/image\/"},"sameAs":["https:\/\/www.instagram.com\/moblesllombart\/"]}]}},"_links":{"self":[{"href":"https:\/\/moblesllombart.com\/es\/wp-json\/wp\/v2\/pages\/72","targetHints":{"allow":["GET"]}}],"collection":[{"href":"https:\/\/moblesllombart.com\/es\/wp-json\/wp\/v2\/pages"}],"about":[{"href":"https:\/\/moblesllombart.com\/es\/wp-json\/wp\/v2\/types\/page"}],"author":[{"embeddable":true,"href":"https:\/\/moblesllombart.com\/es\/wp-json\/wp\/v2\/users\/1"}],"replies":[{"embeddable":true,"href":"https:\/\/moblesllombart.com\/es\/wp-json\/wp\/v2\/comments?post=72"}],"version-history":[{"count":0,"href":"https:\/\/moblesllombart.com\/es\/wp-json\/wp\/v2\/pages\/72\/revisions"}],"wp:attachment":[{"href":"https:\/\/moblesllombart.com\/es\/wp-json\/wp\/v2\/media?parent=72"}],"curies":[{"name":"wp","href":"https:\/\/api.w.org\/{rel}","templated":true}]}}