{"id":472,"date":"2019-01-18T14:41:13","date_gmt":"2019-01-18T12:41:13","guid":{"rendered":"https:\/\/moblesllombart.com\/?page_id=472"},"modified":"2020-04-03T12:41:31","modified_gmt":"2020-04-03T10:41:31","slug":"cortinas-puigcerda","status":"publish","type":"page","link":"https:\/\/moblesllombart.com\/es\/cortinas-puigcerda\/","title":{"rendered":"Cortinas"},"content":{"rendered":"\n<div class=\"wp-block-columns has-2-columns is-layout-flex wp-container-core-columns-is-layout-9d6595d7 wp-block-columns-is-layout-flex\">\n<div class=\"wp-block-column is-layout-flow wp-block-column-is-layout-flow\">\n<p>Mobles LLombart le ofrece una <strong>tienda de cortinas en Puigcerd\u00e0<\/strong> y la Cerdanya, con un amplio surtido de cortinas tanto tradicionales como modernas, con diferentes tipos de tejidos y mecanismos.<\/p>\n\n\n\n<p>Las cortinas son un elemento fundamental en la decoraci\u00f3n de interiores. Nos protegen del sol, aportan privacidad y nos ayudan a crear el ambiente deseado en cada una de las estancias de nuestro hogar.<\/p>\n\n\n\n<p>En diferentes tejidos, colores y nivel de opacidad, las cortinas de Mobles Llombart destacan por su calidad, funcionalidad y elegancia.<\/p>\n\n\n\n<p>En nuestra tienda en Puigcerd\u00e0 le atender\u00e1n profesionales con experiencia que le asesoraran en sus necesidades y le realizaran un presupuesto sin compromiso.<\/p>\n\n\n\n<div class=\"wp-block-button aligncenter\"><a class=\"wp-block-button__link no-border-radius\" href=\"https:\/\/moblesllombart.com\/es\/contacto\/\">CONTACTAR PARA M\u00c1S INFORMACI\u00d3N<br><\/a><\/div>\n\n\n\n<div style=\"height:50px\" aria-hidden=\"true\" class=\"wp-block-spacer\"><\/div>\n<\/div>\n\n\n\n<div class=\"wp-block-column is-layout-flow wp-block-column-is-layout-flow\">\n<figure class=\"wp-block-gallery columns-3 is-cropped wp-block-gallery-1 is-layout-flex wp-block-gallery-is-layout-flex\"><ul class=\"blocks-gallery-grid\"><li class=\"blocks-gallery-item\"><figure><img loading=\"lazy\" decoding=\"async\" width=\"684\" height=\"1024\" src=\"https:\/\/moblesllombart.com\/wp-content\/uploads\/2019\/01\/botiga-cortines-puigcerda-684x1024.jpg\" alt=\"Botiga cortines Puigcerd\u00e0\" data-id=\"460\" data-link=\"https:\/\/moblesllombart.com\/es\/botiga-cortines-puigcerda-2\/\" class=\"wp-image-460\" srcset=\"https:\/\/moblesllombart.com\/wp-content\/uploads\/2019\/01\/botiga-cortines-puigcerda-684x1024.jpg 684w, https:\/\/moblesllombart.com\/wp-content\/uploads\/2019\/01\/botiga-cortines-puigcerda-201x300.jpg 201w, https:\/\/moblesllombart.com\/wp-content\/uploads\/2019\/01\/botiga-cortines-puigcerda-768x1149.jpg 768w, https:\/\/moblesllombart.com\/wp-content\/uploads\/2019\/01\/botiga-cortines-puigcerda.jpg 800w\" sizes=\"auto, (max-width: 684px) 100vw, 684px\" \/><\/figure><\/li><li class=\"blocks-gallery-item\"><figure><img loading=\"lazy\" decoding=\"async\" width=\"768\" height=\"1024\" src=\"https:\/\/moblesllombart.com\/wp-content\/uploads\/2019\/01\/cortines-barates-puigcerda-768x1024.jpg\" alt=\"Cortines barates Puigcerd\u00e0\" data-id=\"468\" data-link=\"https:\/\/moblesllombart.com\/es\/cortines-barates-puigcerda-2\/\" class=\"wp-image-468\" srcset=\"https:\/\/moblesllombart.com\/wp-content\/uploads\/2019\/01\/cortines-barates-puigcerda-768x1024.jpg 768w, https:\/\/moblesllombart.com\/wp-content\/uploads\/2019\/01\/cortines-barates-puigcerda-225x300.jpg 225w, https:\/\/moblesllombart.com\/wp-content\/uploads\/2019\/01\/cortines-barates-puigcerda.jpg 800w\" sizes=\"auto, (max-width: 768px) 100vw, 768px\" \/><\/figure><\/li><li class=\"blocks-gallery-item\"><figure><img loading=\"lazy\" decoding=\"async\" width=\"683\" height=\"1024\" src=\"https:\/\/moblesllombart.com\/wp-content\/uploads\/2019\/01\/cortinas-baratas-puigcerda-683x1024.jpg\" alt=\"Cortinas baratas Puigcerda\" data-id=\"464\" data-link=\"https:\/\/moblesllombart.com\/es\/cortinas-baratas-puigcerda-2\/\" class=\"wp-image-464\" srcset=\"https:\/\/moblesllombart.com\/wp-content\/uploads\/2019\/01\/cortinas-baratas-puigcerda-683x1024.jpg 683w, https:\/\/moblesllombart.com\/wp-content\/uploads\/2019\/01\/cortinas-baratas-puigcerda-200x300.jpg 200w, https:\/\/moblesllombart.com\/wp-content\/uploads\/2019\/01\/cortinas-baratas-puigcerda.jpg 700w\" sizes=\"auto, (max-width: 683px) 100vw, 683px\" \/><\/figure><\/li><li class=\"blocks-gallery-item\"><figure><img loading=\"lazy\" decoding=\"async\" width=\"700\" height=\"990\" src=\"https:\/\/moblesllombart.com\/wp-content\/uploads\/2019\/01\/tienda-cortinas-puigcerda.jpg\" alt=\"Tienda cortinas Puigcerd\u00e0\" data-id=\"470\" data-link=\"https:\/\/moblesllombart.com\/es\/tienda-cortinas-puigcerda-2\/\" class=\"wp-image-470\" srcset=\"https:\/\/moblesllombart.com\/wp-content\/uploads\/2019\/01\/tienda-cortinas-puigcerda.jpg 700w, https:\/\/moblesllombart.com\/wp-content\/uploads\/2019\/01\/tienda-cortinas-puigcerda-212x300.jpg 212w\" sizes=\"auto, (max-width: 700px) 100vw, 700px\" \/><\/figure><\/li><li class=\"blocks-gallery-item\"><figure><img loading=\"lazy\" decoding=\"async\" width=\"700\" height=\"933\" src=\"https:\/\/moblesllombart.com\/wp-content\/uploads\/2019\/01\/cortina-decoracio-puigcerda.jpg\" alt=\"Cortina decoraci\u00f3 Puigcerd\u00e0\" data-id=\"462\" data-link=\"https:\/\/moblesllombart.com\/es\/cortina-decoracio-puigcerda-2\/\" class=\"wp-image-462\" srcset=\"https:\/\/moblesllombart.com\/wp-content\/uploads\/2019\/01\/cortina-decoracio-puigcerda.jpg 700w, https:\/\/moblesllombart.com\/wp-content\/uploads\/2019\/01\/cortina-decoracio-puigcerda-225x300.jpg 225w\" sizes=\"auto, (max-width: 700px) 100vw, 700px\" \/><\/figure><\/li><li class=\"blocks-gallery-item\"><figure><img loading=\"lazy\" decoding=\"async\" width=\"800\" height=\"533\" src=\"https:\/\/moblesllombart.com\/wp-content\/uploads\/2019\/01\/cortinas-decoracion-puigcerda.jpg\" alt=\"Cortinas decoraci\u00f3n Puigcerd\u00e0\" data-id=\"466\" data-link=\"https:\/\/moblesllombart.com\/es\/cortinas-decoracion-puigcerda-2\/\" class=\"wp-image-466\" srcset=\"https:\/\/moblesllombart.com\/wp-content\/uploads\/2019\/01\/cortinas-decoracion-puigcerda.jpg 800w, https:\/\/moblesllombart.com\/wp-content\/uploads\/2019\/01\/cortinas-decoracion-puigcerda-300x200.jpg 300w, https:\/\/moblesllombart.com\/wp-content\/uploads\/2019\/01\/cortinas-decoracion-puigcerda-768x512.jpg 768w\" sizes=\"auto, (max-width: 800px) 100vw, 800px\" \/><\/figure><\/li><\/ul><\/figure>\n<\/div>\n<\/div>\n","protected":false},"excerpt":{"rendered":"<p>Mobles LLombart le ofrece una tienda de cortinas en Puigcerd\u00e0 y la Cerdanya, con un amplio surtido de cortinas tanto tradicionales como modernas, con diferentes tipos de tejidos y mecanismos. Las cortinas son un elemento fundamental en la decoraci\u00f3n de interiores. Nos protegen del sol, aportan privacidad y nos ayudan a crear el ambiente deseado &#8230; <a title=\"Cortinas\" class=\"read-more\" href=\"https:\/\/moblesllombart.com\/es\/cortinas-puigcerda\/\" aria-label=\"Leer m\u00e1s sobre Cortinas\">Leer m\u00e1s<\/a><\/p>\n","protected":false},"author":1,"featured_media":460,"parent":0,"menu_order":0,"comment_status":"closed","ping_status":"closed","template":"","meta":{"footnotes":""},"class_list":["post-472","page","type-page","status-publish","has-post-thumbnail"],"yoast_head":"<!-- This site is optimized with the Yoast SEO plugin v27.5 - https:\/\/yoast.com\/product\/yoast-seo-wordpress\/ -->\n<title>Tienda cortinas en Puigcerd\u00e0 - Muebles Llombart<\/title>\n<meta name=\"description\" content=\"Cortina tradicional, t\u00e9cnica, estores o visillos en Puigcerd\u00e0. Mobles Llombart te ofrece un amplio surtido de cortinas en su tienda en Puigcerd\u00e0.\" \/>\n<meta name=\"robots\" content=\"index, follow, max-snippet:-1, max-image-preview:large, max-video-preview:-1\" \/>\n<link rel=\"canonical\" href=\"https:\/\/moblesllombart.com\/es\/cortinas-puigcerda\/\" \/>\n<meta property=\"og:locale\" content=\"es_ES\" \/>\n<meta property=\"og:type\" content=\"article\" \/>\n<meta property=\"og:title\" content=\"Tienda cortinas en Puigcerd\u00e0 - Muebles Llombart\" \/>\n<meta property=\"og:description\" content=\"Cortina tradicional, t\u00e9cnica, estores o visillos en Puigcerd\u00e0. Mobles Llombart te ofrece un amplio surtido de cortinas en su tienda en Puigcerd\u00e0.\" \/>\n<meta property=\"og:url\" content=\"https:\/\/moblesllombart.com\/es\/cortinas-puigcerda\/\" \/>\n<meta property=\"og:site_name\" content=\"Muebles Llombart\" \/>\n<meta property=\"article:modified_time\" content=\"2020-04-03T10:41:31+00:00\" \/>\n<meta property=\"og:image\" content=\"https:\/\/moblesllombart.com\/wp-content\/uploads\/2019\/01\/botiga-cortines-puigcerda.jpg\" \/>\n\t<meta property=\"og:image:width\" content=\"800\" \/>\n\t<meta property=\"og:image:height\" content=\"1197\" \/>\n\t<meta property=\"og:image:type\" content=\"image\/jpeg\" \/>\n<meta name=\"twitter:card\" content=\"summary_large_image\" \/>\n<meta name=\"twitter:label1\" content=\"Tiempo de lectura\" \/>\n\t<meta name=\"twitter:data1\" content=\"1 minuto\" \/>\n<script type=\"application\/ld+json\" class=\"yoast-schema-graph\">{\"@context\":\"https:\\\/\\\/schema.org\",\"@graph\":[{\"@type\":\"WebPage\",\"@id\":\"https:\\\/\\\/moblesllombart.com\\\/es\\\/cortinas-puigcerda\\\/\",\"url\":\"https:\\\/\\\/moblesllombart.com\\\/es\\\/cortinas-puigcerda\\\/\",\"name\":\"Tienda cortinas en Puigcerd\u00e0 - Muebles Llombart\",\"isPartOf\":{\"@id\":\"https:\\\/\\\/moblesllombart.com\\\/es\\\/#website\"},\"primaryImageOfPage\":{\"@id\":\"https:\\\/\\\/moblesllombart.com\\\/es\\\/cortinas-puigcerda\\\/#primaryimage\"},\"image\":{\"@id\":\"https:\\\/\\\/moblesllombart.com\\\/es\\\/cortinas-puigcerda\\\/#primaryimage\"},\"thumbnailUrl\":\"https:\\\/\\\/moblesllombart.com\\\/wp-content\\\/uploads\\\/2019\\\/01\\\/botiga-cortines-puigcerda.jpg\",\"datePublished\":\"2019-01-18T12:41:13+00:00\",\"dateModified\":\"2020-04-03T10:41:31+00:00\",\"description\":\"Cortina tradicional, t\u00e9cnica, estores o visillos en Puigcerd\u00e0. Mobles Llombart te ofrece un amplio surtido de cortinas en su tienda en Puigcerd\u00e0.\",\"breadcrumb\":{\"@id\":\"https:\\\/\\\/moblesllombart.com\\\/es\\\/cortinas-puigcerda\\\/#breadcrumb\"},\"inLanguage\":\"es\",\"potentialAction\":[{\"@type\":\"ReadAction\",\"target\":[\"https:\\\/\\\/moblesllombart.com\\\/es\\\/cortinas-puigcerda\\\/\"]}]},{\"@type\":\"ImageObject\",\"inLanguage\":\"es\",\"@id\":\"https:\\\/\\\/moblesllombart.com\\\/es\\\/cortinas-puigcerda\\\/#primaryimage\",\"url\":\"https:\\\/\\\/moblesllombart.com\\\/wp-content\\\/uploads\\\/2019\\\/01\\\/botiga-cortines-puigcerda.jpg\",\"contentUrl\":\"https:\\\/\\\/moblesllombart.com\\\/wp-content\\\/uploads\\\/2019\\\/01\\\/botiga-cortines-puigcerda.jpg\",\"width\":800,\"height\":1197,\"caption\":\"Botiga cortines Puigcerd\u00e0\"},{\"@type\":\"BreadcrumbList\",\"@id\":\"https:\\\/\\\/moblesllombart.com\\\/es\\\/cortinas-puigcerda\\\/#breadcrumb\",\"itemListElement\":[{\"@type\":\"ListItem\",\"position\":1,\"name\":\"Inici\",\"item\":\"https:\\\/\\\/moblesllombart.com\\\/es\\\/\"},{\"@type\":\"ListItem\",\"position\":2,\"name\":\"Cortinas\"}]},{\"@type\":\"WebSite\",\"@id\":\"https:\\\/\\\/moblesllombart.com\\\/es\\\/#website\",\"url\":\"https:\\\/\\\/moblesllombart.com\\\/es\\\/\",\"name\":\"Muebles Llombart\",\"description\":\"Muebles y Colchones Puigcerd\u00e1 - Cerdanya\",\"publisher\":{\"@id\":\"https:\\\/\\\/moblesllombart.com\\\/es\\\/#organization\"},\"potentialAction\":[{\"@type\":\"SearchAction\",\"target\":{\"@type\":\"EntryPoint\",\"urlTemplate\":\"https:\\\/\\\/moblesllombart.com\\\/es\\\/?s={search_term_string}\"},\"query-input\":{\"@type\":\"PropertyValueSpecification\",\"valueRequired\":true,\"valueName\":\"search_term_string\"}}],\"inLanguage\":\"es\"},{\"@type\":\"Organization\",\"@id\":\"https:\\\/\\\/moblesllombart.com\\\/es\\\/#organization\",\"name\":\"Muebles Llombart\",\"url\":\"https:\\\/\\\/moblesllombart.com\\\/es\\\/\",\"logo\":{\"@type\":\"ImageObject\",\"inLanguage\":\"es\",\"@id\":\"https:\\\/\\\/moblesllombart.com\\\/es\\\/#\\\/schema\\\/logo\\\/image\\\/\",\"url\":\"https:\\\/\\\/moblesllombart.com\\\/wp-content\\\/uploads\\\/2019\\\/01\\\/mobles-llombart-1.svg\",\"contentUrl\":\"https:\\\/\\\/moblesllombart.com\\\/wp-content\\\/uploads\\\/2019\\\/01\\\/mobles-llombart-1.svg\",\"caption\":\"Muebles Llombart\"},\"image\":{\"@id\":\"https:\\\/\\\/moblesllombart.com\\\/es\\\/#\\\/schema\\\/logo\\\/image\\\/\"},\"sameAs\":[\"https:\\\/\\\/www.instagram.com\\\/moblesllombart\\\/\"]}]}<\/script>\n<!-- \/ Yoast SEO plugin. -->","yoast_head_json":{"title":"Tienda cortinas en Puigcerd\u00e0 - Muebles Llombart","description":"Cortina tradicional, t\u00e9cnica, estores o visillos en Puigcerd\u00e0. Mobles Llombart te ofrece un amplio surtido de cortinas en su tienda en Puigcerd\u00e0.","robots":{"index":"index","follow":"follow","max-snippet":"max-snippet:-1","max-image-preview":"max-image-preview:large","max-video-preview":"max-video-preview:-1"},"canonical":"https:\/\/moblesllombart.com\/es\/cortinas-puigcerda\/","og_locale":"es_ES","og_type":"article","og_title":"Tienda cortinas en Puigcerd\u00e0 - Muebles Llombart","og_description":"Cortina tradicional, t\u00e9cnica, estores o visillos en Puigcerd\u00e0. Mobles Llombart te ofrece un amplio surtido de cortinas en su tienda en Puigcerd\u00e0.","og_url":"https:\/\/moblesllombart.com\/es\/cortinas-puigcerda\/","og_site_name":"Muebles Llombart","article_modified_time":"2020-04-03T10:41:31+00:00","og_image":[{"width":800,"height":1197,"url":"https:\/\/moblesllombart.com\/wp-content\/uploads\/2019\/01\/botiga-cortines-puigcerda.jpg","type":"image\/jpeg"}],"twitter_card":"summary_large_image","twitter_misc":{"Tiempo de lectura":"1 minuto"},"schema":{"@context":"https:\/\/schema.org","@graph":[{"@type":"WebPage","@id":"https:\/\/moblesllombart.com\/es\/cortinas-puigcerda\/","url":"https:\/\/moblesllombart.com\/es\/cortinas-puigcerda\/","name":"Tienda cortinas en Puigcerd\u00e0 - Muebles Llombart","isPartOf":{"@id":"https:\/\/moblesllombart.com\/es\/#website"},"primaryImageOfPage":{"@id":"https:\/\/moblesllombart.com\/es\/cortinas-puigcerda\/#primaryimage"},"image":{"@id":"https:\/\/moblesllombart.com\/es\/cortinas-puigcerda\/#primaryimage"},"thumbnailUrl":"https:\/\/moblesllombart.com\/wp-content\/uploads\/2019\/01\/botiga-cortines-puigcerda.jpg","datePublished":"2019-01-18T12:41:13+00:00","dateModified":"2020-04-03T10:41:31+00:00","description":"Cortina tradicional, t\u00e9cnica, estores o visillos en Puigcerd\u00e0. Mobles Llombart te ofrece un amplio surtido de cortinas en su tienda en Puigcerd\u00e0.","breadcrumb":{"@id":"https:\/\/moblesllombart.com\/es\/cortinas-puigcerda\/#breadcrumb"},"inLanguage":"es","potentialAction":[{"@type":"ReadAction","target":["https:\/\/moblesllombart.com\/es\/cortinas-puigcerda\/"]}]},{"@type":"ImageObject","inLanguage":"es","@id":"https:\/\/moblesllombart.com\/es\/cortinas-puigcerda\/#primaryimage","url":"https:\/\/moblesllombart.com\/wp-content\/uploads\/2019\/01\/botiga-cortines-puigcerda.jpg","contentUrl":"https:\/\/moblesllombart.com\/wp-content\/uploads\/2019\/01\/botiga-cortines-puigcerda.jpg","width":800,"height":1197,"caption":"Botiga cortines Puigcerd\u00e0"},{"@type":"BreadcrumbList","@id":"https:\/\/moblesllombart.com\/es\/cortinas-puigcerda\/#breadcrumb","itemListElement":[{"@type":"ListItem","position":1,"name":"Inici","item":"https:\/\/moblesllombart.com\/es\/"},{"@type":"ListItem","position":2,"name":"Cortinas"}]},{"@type":"WebSite","@id":"https:\/\/moblesllombart.com\/es\/#website","url":"https:\/\/moblesllombart.com\/es\/","name":"Muebles Llombart","description":"Muebles y Colchones Puigcerd\u00e1 - Cerdanya","publisher":{"@id":"https:\/\/moblesllombart.com\/es\/#organization"},"potentialAction":[{"@type":"SearchAction","target":{"@type":"EntryPoint","urlTemplate":"https:\/\/moblesllombart.com\/es\/?s={search_term_string}"},"query-input":{"@type":"PropertyValueSpecification","valueRequired":true,"valueName":"search_term_string"}}],"inLanguage":"es"},{"@type":"Organization","@id":"https:\/\/moblesllombart.com\/es\/#organization","name":"Muebles Llombart","url":"https:\/\/moblesllombart.com\/es\/","logo":{"@type":"ImageObject","inLanguage":"es","@id":"https:\/\/moblesllombart.com\/es\/#\/schema\/logo\/image\/","url":"https:\/\/moblesllombart.com\/wp-content\/uploads\/2019\/01\/mobles-llombart-1.svg","contentUrl":"https:\/\/moblesllombart.com\/wp-content\/uploads\/2019\/01\/mobles-llombart-1.svg","caption":"Muebles Llombart"},"image":{"@id":"https:\/\/moblesllombart.com\/es\/#\/schema\/logo\/image\/"},"sameAs":["https:\/\/www.instagram.com\/moblesllombart\/"]}]}},"_links":{"self":[{"href":"https:\/\/moblesllombart.com\/es\/wp-json\/wp\/v2\/pages\/472","targetHints":{"allow":["GET"]}}],"collection":[{"href":"https:\/\/moblesllombart.com\/es\/wp-json\/wp\/v2\/pages"}],"about":[{"href":"https:\/\/moblesllombart.com\/es\/wp-json\/wp\/v2\/types\/page"}],"author":[{"embeddable":true,"href":"https:\/\/moblesllombart.com\/es\/wp-json\/wp\/v2\/users\/1"}],"replies":[{"embeddable":true,"href":"https:\/\/moblesllombart.com\/es\/wp-json\/wp\/v2\/comments?post=472"}],"version-history":[{"count":0,"href":"https:\/\/moblesllombart.com\/es\/wp-json\/wp\/v2\/pages\/472\/revisions"}],"wp:featuredmedia":[{"embeddable":true,"href":"https:\/\/moblesllombart.com\/es\/wp-json\/wp\/v2\/media\/460"}],"wp:attachment":[{"href":"https:\/\/moblesllombart.com\/es\/wp-json\/wp\/v2\/media?parent=472"}],"curies":[{"name":"wp","href":"https:\/\/api.w.org\/{rel}","templated":true}]}}