{"id":342,"date":"2019-01-09T14:59:46","date_gmt":"2019-01-09T12:59:46","guid":{"rendered":"https:\/\/moblesllombart.com\/?page_id=342"},"modified":"2020-04-03T12:40:31","modified_gmt":"2020-04-03T10:40:31","slug":"tienda-sofas-puigcerda","status":"publish","type":"page","link":"https:\/\/moblesllombart.com\/es\/tienda-sofas-puigcerda\/","title":{"rendered":"Sof\u00e1s"},"content":{"rendered":"\n<div class=\"wp-block-columns has-2-columns is-layout-flex wp-container-core-columns-is-layout-9d6595d7 wp-block-columns-is-layout-flex\">\n<div class=\"wp-block-column is-layout-flow wp-block-column-is-layout-flow\">\n<p>En Muebles Llombart tenemos m\u00e1s de cuarenta a\u00f1os de experiencia en la venta de sof\u00e1s. Disponemos de un completo cat\u00e1logo para crear el confort que necesita su sal\u00f3n o comedor.<\/p>\n\n\n\n<p>Disponemos de <strong>sof\u00e1s 3+2 plazas, sof\u00e1s econ\u00f3micos, sof\u00e1s con chaiselongue, sof\u00e1s rinconeros, sof\u00e1s cama o butacas<\/strong>. Todos ellos con diferentes variantes de colores y tapizados o bien de sof\u00e1s de piel.<\/p>\n\n\n\n<p>En Muebles Llombart sabemos la importancia que tiene un sof\u00e1 en la vida cotidiana de las familias, por eso buscamos dise\u00f1os funcionales, ergon\u00f3micos, f\u00e1ciles de limpiar y que puedan tener una larga vida \u00fatil en sus hogares.<\/p>\n\n\n\n<p>En nuestra tienda, estamos convencidos, encontrar\u00e1 todos los modelos y estilos para descubrir el sof\u00e1 que mejor se adapta a sus necesidades. Dejese asesorar por nuestros profesionales para encontrar el sof\u00e1 que le aportar\u00e1 el m\u00e1ximo confort en su hogar.<\/p>\n\n\n\n<div class=\"wp-block-button aligncenter is-style-squared\"><a class=\"wp-block-button__link\" href=\"https:\/\/moblesllombart.com\/es\/contacto\/\">CONTACTAR PARA M\u00c1S INFORMACI\u00d3N<\/a><\/div>\n\n\n\n<div style=\"height:50px\" aria-hidden=\"true\" class=\"wp-block-spacer\"><\/div>\n<\/div>\n\n\n\n<div class=\"wp-block-column is-layout-flow wp-block-column-is-layout-flow\">\n<figure class=\"wp-block-gallery columns-3 is-cropped wp-block-gallery-1 is-layout-flex wp-block-gallery-is-layout-flex\"><ul class=\"blocks-gallery-grid\"><li class=\"blocks-gallery-item\"><figure><img loading=\"lazy\" decoding=\"async\" width=\"800\" height=\"602\" src=\"https:\/\/moblesllombart.com\/wp-content\/uploads\/2019\/01\/tienda-sofas-puigcerda.jpg\" alt=\"\" data-id=\"337\" data-link=\"https:\/\/moblesllombart.com\/?attachment_id=337#main\" class=\"wp-image-337\" srcset=\"https:\/\/moblesllombart.com\/wp-content\/uploads\/2019\/01\/tienda-sofas-puigcerda.jpg 800w, https:\/\/moblesllombart.com\/wp-content\/uploads\/2019\/01\/tienda-sofas-puigcerda-300x226.jpg 300w, https:\/\/moblesllombart.com\/wp-content\/uploads\/2019\/01\/tienda-sofas-puigcerda-768x578.jpg 768w\" sizes=\"auto, (max-width: 800px) 100vw, 800px\" \/><\/figure><\/li><li class=\"blocks-gallery-item\"><figure><img loading=\"lazy\" decoding=\"async\" width=\"770\" height=\"1024\" src=\"https:\/\/moblesllombart.com\/wp-content\/uploads\/2019\/01\/tienda-sillones-puigcerda-770x1024.jpg\" alt=\"\" data-id=\"335\" data-link=\"https:\/\/moblesllombart.com\/?attachment_id=335#main\" class=\"wp-image-335\" srcset=\"https:\/\/moblesllombart.com\/wp-content\/uploads\/2019\/01\/tienda-sillones-puigcerda-770x1024.jpg 770w, https:\/\/moblesllombart.com\/wp-content\/uploads\/2019\/01\/tienda-sillones-puigcerda-226x300.jpg 226w, https:\/\/moblesllombart.com\/wp-content\/uploads\/2019\/01\/tienda-sillones-puigcerda-768x1021.jpg 768w, https:\/\/moblesllombart.com\/wp-content\/uploads\/2019\/01\/tienda-sillones-puigcerda.jpg 800w\" sizes=\"auto, (max-width: 770px) 100vw, 770px\" \/><\/figure><\/li><li class=\"blocks-gallery-item\"><figure><img loading=\"lazy\" decoding=\"async\" width=\"800\" height=\"608\" src=\"https:\/\/moblesllombart.com\/wp-content\/uploads\/2019\/01\/sofas-cama-puigcerda.jpg\" alt=\"\" data-id=\"331\" data-link=\"https:\/\/moblesllombart.com\/?attachment_id=331#main\" class=\"wp-image-331\" srcset=\"https:\/\/moblesllombart.com\/wp-content\/uploads\/2019\/01\/sofas-cama-puigcerda.jpg 800w, https:\/\/moblesllombart.com\/wp-content\/uploads\/2019\/01\/sofas-cama-puigcerda-300x228.jpg 300w, https:\/\/moblesllombart.com\/wp-content\/uploads\/2019\/01\/sofas-cama-puigcerda-768x584.jpg 768w\" sizes=\"auto, (max-width: 800px) 100vw, 800px\" \/><\/figure><\/li><li class=\"blocks-gallery-item\"><figure><img loading=\"lazy\" decoding=\"async\" width=\"800\" height=\"567\" src=\"https:\/\/moblesllombart.com\/wp-content\/uploads\/2019\/01\/botiga-sofas-puigcerda.jpg\" alt=\"\" data-id=\"325\" data-link=\"https:\/\/moblesllombart.com\/?attachment_id=325#main\" class=\"wp-image-325\" srcset=\"https:\/\/moblesllombart.com\/wp-content\/uploads\/2019\/01\/botiga-sofas-puigcerda.jpg 800w, https:\/\/moblesllombart.com\/wp-content\/uploads\/2019\/01\/botiga-sofas-puigcerda-300x213.jpg 300w, https:\/\/moblesllombart.com\/wp-content\/uploads\/2019\/01\/botiga-sofas-puigcerda-768x544.jpg 768w\" sizes=\"auto, (max-width: 800px) 100vw, 800px\" \/><\/figure><\/li><li class=\"blocks-gallery-item\"><figure><img loading=\"lazy\" decoding=\"async\" width=\"800\" height=\"600\" src=\"https:\/\/moblesllombart.com\/wp-content\/uploads\/2019\/01\/sofas-botiga-puigcerda.jpg\" alt=\"\" data-id=\"329\" data-link=\"https:\/\/moblesllombart.com\/?attachment_id=329#main\" class=\"wp-image-329\" srcset=\"https:\/\/moblesllombart.com\/wp-content\/uploads\/2019\/01\/sofas-botiga-puigcerda.jpg 800w, https:\/\/moblesllombart.com\/wp-content\/uploads\/2019\/01\/sofas-botiga-puigcerda-300x225.jpg 300w, https:\/\/moblesllombart.com\/wp-content\/uploads\/2019\/01\/sofas-botiga-puigcerda-768x576.jpg 768w\" sizes=\"auto, (max-width: 800px) 100vw, 800px\" \/><\/figure><\/li><li class=\"blocks-gallery-item\"><figure><img loading=\"lazy\" decoding=\"async\" width=\"800\" height=\"595\" src=\"https:\/\/moblesllombart.com\/wp-content\/uploads\/2019\/01\/sofas-baratos-puigcerda.jpg\" alt=\"\" data-id=\"327\" data-link=\"https:\/\/moblesllombart.com\/?attachment_id=327#main\" class=\"wp-image-327\" srcset=\"https:\/\/moblesllombart.com\/wp-content\/uploads\/2019\/01\/sofas-baratos-puigcerda.jpg 800w, https:\/\/moblesllombart.com\/wp-content\/uploads\/2019\/01\/sofas-baratos-puigcerda-300x223.jpg 300w, https:\/\/moblesllombart.com\/wp-content\/uploads\/2019\/01\/sofas-baratos-puigcerda-768x571.jpg 768w\" sizes=\"auto, (max-width: 800px) 100vw, 800px\" \/><\/figure><\/li><li class=\"blocks-gallery-item\"><figure><img loading=\"lazy\" decoding=\"async\" width=\"800\" height=\"602\" src=\"https:\/\/moblesllombart.com\/wp-content\/uploads\/2019\/01\/sofas-ecnomics-puigcerda.jpg\" alt=\"\" data-id=\"333\" data-link=\"https:\/\/moblesllombart.com\/?attachment_id=333#main\" class=\"wp-image-333\" srcset=\"https:\/\/moblesllombart.com\/wp-content\/uploads\/2019\/01\/sofas-ecnomics-puigcerda.jpg 800w, https:\/\/moblesllombart.com\/wp-content\/uploads\/2019\/01\/sofas-ecnomics-puigcerda-300x226.jpg 300w, https:\/\/moblesllombart.com\/wp-content\/uploads\/2019\/01\/sofas-ecnomics-puigcerda-768x578.jpg 768w\" sizes=\"auto, (max-width: 800px) 100vw, 800px\" \/><\/figure><\/li><\/ul><\/figure>\n\n\n\n<p><\/p>\n<\/div>\n<\/div>\n","protected":false},"excerpt":{"rendered":"<p>En Muebles Llombart tenemos m\u00e1s de cuarenta a\u00f1os de experiencia en la venta de sof\u00e1s. Disponemos de un completo cat\u00e1logo para crear el confort que necesita su sal\u00f3n o comedor. Disponemos de sof\u00e1s 3+2 plazas, sof\u00e1s econ\u00f3micos, sof\u00e1s con chaiselongue, sof\u00e1s rinconeros, sof\u00e1s cama o butacas. Todos ellos con diferentes variantes de colores y tapizados &#8230; <a title=\"Sof\u00e1s\" class=\"read-more\" href=\"https:\/\/moblesllombart.com\/es\/tienda-sofas-puigcerda\/\" aria-label=\"Leer m\u00e1s sobre Sof\u00e1s\">Leer m\u00e1s<\/a><\/p>\n","protected":false},"author":1,"featured_media":200,"parent":0,"menu_order":0,"comment_status":"closed","ping_status":"closed","template":"","meta":{"footnotes":""},"class_list":["post-342","page","type-page","status-publish","has-post-thumbnail"],"yoast_head":"<!-- This site is optimized with the Yoast SEO plugin v27.5 - https:\/\/yoast.com\/product\/yoast-seo-wordpress\/ -->\n<title>Tienda de sof\u00e1s en Puigcerd\u00e0 - Muebles Llombart<\/title>\n<meta name=\"description\" content=\"Tienda de sof\u00e1s en Puigcerd\u00e0. Sof\u00e1s en piel, en tela, sof\u00e1s cama, sillones auxiliares y de relax. Sof\u00e1s baratos en Puigcerd\u00e0 con una calidad excelente.\" \/>\n<meta name=\"robots\" content=\"index, follow, max-snippet:-1, max-image-preview:large, max-video-preview:-1\" \/>\n<link rel=\"canonical\" href=\"https:\/\/moblesllombart.com\/es\/tienda-sofas-puigcerda\/\" \/>\n<meta property=\"og:locale\" content=\"es_ES\" \/>\n<meta property=\"og:type\" content=\"article\" \/>\n<meta property=\"og:title\" content=\"Tienda de sof\u00e1s en Puigcerd\u00e0 - Muebles Llombart\" \/>\n<meta property=\"og:description\" content=\"Tienda de sof\u00e1s en Puigcerd\u00e0. Sof\u00e1s en piel, en tela, sof\u00e1s cama, sillones auxiliares y de relax. Sof\u00e1s baratos en Puigcerd\u00e0 con una calidad excelente.\" \/>\n<meta property=\"og:url\" content=\"https:\/\/moblesllombart.com\/es\/tienda-sofas-puigcerda\/\" \/>\n<meta property=\"og:site_name\" content=\"Muebles Llombart\" \/>\n<meta property=\"article:modified_time\" content=\"2020-04-03T10:40:31+00:00\" \/>\n<meta property=\"og:image\" content=\"https:\/\/moblesllombart.com\/wp-content\/uploads\/2019\/01\/sofas-tienda-puigcerda.jpg\" \/>\n\t<meta property=\"og:image:width\" content=\"525\" \/>\n\t<meta property=\"og:image:height\" content=\"296\" \/>\n\t<meta property=\"og:image:type\" content=\"image\/jpeg\" \/>\n<meta name=\"twitter:card\" content=\"summary_large_image\" \/>\n<meta name=\"twitter:label1\" content=\"Tiempo de lectura\" \/>\n\t<meta name=\"twitter:data1\" content=\"1 minuto\" \/>\n<script type=\"application\/ld+json\" class=\"yoast-schema-graph\">{\"@context\":\"https:\\\/\\\/schema.org\",\"@graph\":[{\"@type\":\"WebPage\",\"@id\":\"https:\\\/\\\/moblesllombart.com\\\/es\\\/tienda-sofas-puigcerda\\\/\",\"url\":\"https:\\\/\\\/moblesllombart.com\\\/es\\\/tienda-sofas-puigcerda\\\/\",\"name\":\"Tienda de sof\u00e1s en Puigcerd\u00e0 - Muebles Llombart\",\"isPartOf\":{\"@id\":\"https:\\\/\\\/moblesllombart.com\\\/es\\\/#website\"},\"primaryImageOfPage\":{\"@id\":\"https:\\\/\\\/moblesllombart.com\\\/es\\\/tienda-sofas-puigcerda\\\/#primaryimage\"},\"image\":{\"@id\":\"https:\\\/\\\/moblesllombart.com\\\/es\\\/tienda-sofas-puigcerda\\\/#primaryimage\"},\"thumbnailUrl\":\"https:\\\/\\\/moblesllombart.com\\\/wp-content\\\/uploads\\\/2019\\\/01\\\/sofas-tienda-puigcerda.jpg\",\"datePublished\":\"2019-01-09T12:59:46+00:00\",\"dateModified\":\"2020-04-03T10:40:31+00:00\",\"description\":\"Tienda de sof\u00e1s en Puigcerd\u00e0. Sof\u00e1s en piel, en tela, sof\u00e1s cama, sillones auxiliares y de relax. Sof\u00e1s baratos en Puigcerd\u00e0 con una calidad excelente.\",\"breadcrumb\":{\"@id\":\"https:\\\/\\\/moblesllombart.com\\\/es\\\/tienda-sofas-puigcerda\\\/#breadcrumb\"},\"inLanguage\":\"es\",\"potentialAction\":[{\"@type\":\"ReadAction\",\"target\":[\"https:\\\/\\\/moblesllombart.com\\\/es\\\/tienda-sofas-puigcerda\\\/\"]}]},{\"@type\":\"ImageObject\",\"inLanguage\":\"es\",\"@id\":\"https:\\\/\\\/moblesllombart.com\\\/es\\\/tienda-sofas-puigcerda\\\/#primaryimage\",\"url\":\"https:\\\/\\\/moblesllombart.com\\\/wp-content\\\/uploads\\\/2019\\\/01\\\/sofas-tienda-puigcerda.jpg\",\"contentUrl\":\"https:\\\/\\\/moblesllombart.com\\\/wp-content\\\/uploads\\\/2019\\\/01\\\/sofas-tienda-puigcerda.jpg\",\"width\":525,\"height\":296},{\"@type\":\"BreadcrumbList\",\"@id\":\"https:\\\/\\\/moblesllombart.com\\\/es\\\/tienda-sofas-puigcerda\\\/#breadcrumb\",\"itemListElement\":[{\"@type\":\"ListItem\",\"position\":1,\"name\":\"Inici\",\"item\":\"https:\\\/\\\/moblesllombart.com\\\/es\\\/\"},{\"@type\":\"ListItem\",\"position\":2,\"name\":\"Sof\u00e1s\"}]},{\"@type\":\"WebSite\",\"@id\":\"https:\\\/\\\/moblesllombart.com\\\/es\\\/#website\",\"url\":\"https:\\\/\\\/moblesllombart.com\\\/es\\\/\",\"name\":\"Muebles Llombart\",\"description\":\"Muebles y Colchones Puigcerd\u00e1 - Cerdanya\",\"publisher\":{\"@id\":\"https:\\\/\\\/moblesllombart.com\\\/es\\\/#organization\"},\"potentialAction\":[{\"@type\":\"SearchAction\",\"target\":{\"@type\":\"EntryPoint\",\"urlTemplate\":\"https:\\\/\\\/moblesllombart.com\\\/es\\\/?s={search_term_string}\"},\"query-input\":{\"@type\":\"PropertyValueSpecification\",\"valueRequired\":true,\"valueName\":\"search_term_string\"}}],\"inLanguage\":\"es\"},{\"@type\":\"Organization\",\"@id\":\"https:\\\/\\\/moblesllombart.com\\\/es\\\/#organization\",\"name\":\"Muebles Llombart\",\"url\":\"https:\\\/\\\/moblesllombart.com\\\/es\\\/\",\"logo\":{\"@type\":\"ImageObject\",\"inLanguage\":\"es\",\"@id\":\"https:\\\/\\\/moblesllombart.com\\\/es\\\/#\\\/schema\\\/logo\\\/image\\\/\",\"url\":\"https:\\\/\\\/moblesllombart.com\\\/wp-content\\\/uploads\\\/2019\\\/01\\\/mobles-llombart-1.svg\",\"contentUrl\":\"https:\\\/\\\/moblesllombart.com\\\/wp-content\\\/uploads\\\/2019\\\/01\\\/mobles-llombart-1.svg\",\"caption\":\"Muebles Llombart\"},\"image\":{\"@id\":\"https:\\\/\\\/moblesllombart.com\\\/es\\\/#\\\/schema\\\/logo\\\/image\\\/\"},\"sameAs\":[\"https:\\\/\\\/www.instagram.com\\\/moblesllombart\\\/\"]}]}<\/script>\n<!-- \/ Yoast SEO plugin. -->","yoast_head_json":{"title":"Tienda de sof\u00e1s en Puigcerd\u00e0 - Muebles Llombart","description":"Tienda de sof\u00e1s en Puigcerd\u00e0. Sof\u00e1s en piel, en tela, sof\u00e1s cama, sillones auxiliares y de relax. Sof\u00e1s baratos en Puigcerd\u00e0 con una calidad excelente.","robots":{"index":"index","follow":"follow","max-snippet":"max-snippet:-1","max-image-preview":"max-image-preview:large","max-video-preview":"max-video-preview:-1"},"canonical":"https:\/\/moblesllombart.com\/es\/tienda-sofas-puigcerda\/","og_locale":"es_ES","og_type":"article","og_title":"Tienda de sof\u00e1s en Puigcerd\u00e0 - Muebles Llombart","og_description":"Tienda de sof\u00e1s en Puigcerd\u00e0. Sof\u00e1s en piel, en tela, sof\u00e1s cama, sillones auxiliares y de relax. Sof\u00e1s baratos en Puigcerd\u00e0 con una calidad excelente.","og_url":"https:\/\/moblesllombart.com\/es\/tienda-sofas-puigcerda\/","og_site_name":"Muebles Llombart","article_modified_time":"2020-04-03T10:40:31+00:00","og_image":[{"width":525,"height":296,"url":"https:\/\/moblesllombart.com\/wp-content\/uploads\/2019\/01\/sofas-tienda-puigcerda.jpg","type":"image\/jpeg"}],"twitter_card":"summary_large_image","twitter_misc":{"Tiempo de lectura":"1 minuto"},"schema":{"@context":"https:\/\/schema.org","@graph":[{"@type":"WebPage","@id":"https:\/\/moblesllombart.com\/es\/tienda-sofas-puigcerda\/","url":"https:\/\/moblesllombart.com\/es\/tienda-sofas-puigcerda\/","name":"Tienda de sof\u00e1s en Puigcerd\u00e0 - Muebles Llombart","isPartOf":{"@id":"https:\/\/moblesllombart.com\/es\/#website"},"primaryImageOfPage":{"@id":"https:\/\/moblesllombart.com\/es\/tienda-sofas-puigcerda\/#primaryimage"},"image":{"@id":"https:\/\/moblesllombart.com\/es\/tienda-sofas-puigcerda\/#primaryimage"},"thumbnailUrl":"https:\/\/moblesllombart.com\/wp-content\/uploads\/2019\/01\/sofas-tienda-puigcerda.jpg","datePublished":"2019-01-09T12:59:46+00:00","dateModified":"2020-04-03T10:40:31+00:00","description":"Tienda de sof\u00e1s en Puigcerd\u00e0. Sof\u00e1s en piel, en tela, sof\u00e1s cama, sillones auxiliares y de relax. Sof\u00e1s baratos en Puigcerd\u00e0 con una calidad excelente.","breadcrumb":{"@id":"https:\/\/moblesllombart.com\/es\/tienda-sofas-puigcerda\/#breadcrumb"},"inLanguage":"es","potentialAction":[{"@type":"ReadAction","target":["https:\/\/moblesllombart.com\/es\/tienda-sofas-puigcerda\/"]}]},{"@type":"ImageObject","inLanguage":"es","@id":"https:\/\/moblesllombart.com\/es\/tienda-sofas-puigcerda\/#primaryimage","url":"https:\/\/moblesllombart.com\/wp-content\/uploads\/2019\/01\/sofas-tienda-puigcerda.jpg","contentUrl":"https:\/\/moblesllombart.com\/wp-content\/uploads\/2019\/01\/sofas-tienda-puigcerda.jpg","width":525,"height":296},{"@type":"BreadcrumbList","@id":"https:\/\/moblesllombart.com\/es\/tienda-sofas-puigcerda\/#breadcrumb","itemListElement":[{"@type":"ListItem","position":1,"name":"Inici","item":"https:\/\/moblesllombart.com\/es\/"},{"@type":"ListItem","position":2,"name":"Sof\u00e1s"}]},{"@type":"WebSite","@id":"https:\/\/moblesllombart.com\/es\/#website","url":"https:\/\/moblesllombart.com\/es\/","name":"Muebles Llombart","description":"Muebles y Colchones Puigcerd\u00e1 - Cerdanya","publisher":{"@id":"https:\/\/moblesllombart.com\/es\/#organization"},"potentialAction":[{"@type":"SearchAction","target":{"@type":"EntryPoint","urlTemplate":"https:\/\/moblesllombart.com\/es\/?s={search_term_string}"},"query-input":{"@type":"PropertyValueSpecification","valueRequired":true,"valueName":"search_term_string"}}],"inLanguage":"es"},{"@type":"Organization","@id":"https:\/\/moblesllombart.com\/es\/#organization","name":"Muebles Llombart","url":"https:\/\/moblesllombart.com\/es\/","logo":{"@type":"ImageObject","inLanguage":"es","@id":"https:\/\/moblesllombart.com\/es\/#\/schema\/logo\/image\/","url":"https:\/\/moblesllombart.com\/wp-content\/uploads\/2019\/01\/mobles-llombart-1.svg","contentUrl":"https:\/\/moblesllombart.com\/wp-content\/uploads\/2019\/01\/mobles-llombart-1.svg","caption":"Muebles Llombart"},"image":{"@id":"https:\/\/moblesllombart.com\/es\/#\/schema\/logo\/image\/"},"sameAs":["https:\/\/www.instagram.com\/moblesllombart\/"]}]}},"_links":{"self":[{"href":"https:\/\/moblesllombart.com\/es\/wp-json\/wp\/v2\/pages\/342","targetHints":{"allow":["GET"]}}],"collection":[{"href":"https:\/\/moblesllombart.com\/es\/wp-json\/wp\/v2\/pages"}],"about":[{"href":"https:\/\/moblesllombart.com\/es\/wp-json\/wp\/v2\/types\/page"}],"author":[{"embeddable":true,"href":"https:\/\/moblesllombart.com\/es\/wp-json\/wp\/v2\/users\/1"}],"replies":[{"embeddable":true,"href":"https:\/\/moblesllombart.com\/es\/wp-json\/wp\/v2\/comments?post=342"}],"version-history":[{"count":0,"href":"https:\/\/moblesllombart.com\/es\/wp-json\/wp\/v2\/pages\/342\/revisions"}],"wp:featuredmedia":[{"embeddable":true,"href":"https:\/\/moblesllombart.com\/es\/wp-json\/wp\/v2\/media\/200"}],"wp:attachment":[{"href":"https:\/\/moblesllombart.com\/es\/wp-json\/wp\/v2\/media?parent=342"}],"curies":[{"name":"wp","href":"https:\/\/api.w.org\/{rel}","templated":true}]}}