{"id":34,"date":"2018-06-18T09:08:28","date_gmt":"2018-06-18T09:08:28","guid":{"rendered":"https:\/\/moblesllombart.com\/?page_id=34"},"modified":"2021-01-04T11:37:00","modified_gmt":"2021-01-04T09:37:00","slug":"inicio-2","status":"publish","type":"page","link":"https:\/\/moblesllombart.com\/es\/","title":{"rendered":"Inicio"},"content":{"rendered":"\n<div style=\"height:60px\" aria-hidden=\"true\" class=\"wp-block-spacer\"><\/div>\n\n\n\n<div class=\"wp-block-group\"><div class=\"wp-block-group__inner-container is-layout-flow wp-block-group-is-layout-flow\">\n<div class=\"wp-block-columns is-layout-flex wp-container-core-columns-is-layout-9d6595d7 wp-block-columns-is-layout-flex\">\n<div class=\"wp-block-column is-layout-flow wp-block-column-is-layout-flow\">\n<h3 class=\"has-text-align-center wp-block-heading\"> <a href=\"https:\/\/moblesllombart.com\/es\/muebles-salon-comedor-puigcerda\/\">Mesas y sillas<\/a> <\/h3>\n\n\n\n<div class=\"wp-block-image\"><figure class=\"aligncenter size-large\"><img loading=\"lazy\" decoding=\"async\" width=\"525\" height=\"296\" src=\"https:\/\/moblesllombart.com\/wp-content\/uploads\/2021\/01\/taules-cadires-mobles-puigcerda.jpg\" alt=\"Tienda mobiliario. Mesas y sillas. Puigcerda. Muebles Llombart.\" class=\"wp-image-870\" srcset=\"https:\/\/moblesllombart.com\/wp-content\/uploads\/2021\/01\/taules-cadires-mobles-puigcerda.jpg 525w, https:\/\/moblesllombart.com\/wp-content\/uploads\/2021\/01\/taules-cadires-mobles-puigcerda-300x169.jpg 300w\" sizes=\"auto, (max-width: 525px) 100vw, 525px\" \/><\/figure><\/div>\n\n\n\n<p class=\"has-text-align-center\">Mesas y sillas r\u00fasticas y modernas, calidad y funcionalidad para su sal\u00f3n. <\/p>\n<\/div>\n\n\n\n<div class=\"wp-block-column is-layout-flow wp-block-column-is-layout-flow\">\n<h3 class=\"has-text-align-center wp-block-heading\"><a href=\"https:\/\/moblesllombart.com\/es\/muebles-salon-comedor-puigcerda\/\">Armarios y estanter\u00edas<\/a> <\/h3>\n\n\n\n<div class=\"wp-block-image\"><figure class=\"aligncenter\"><a href=\"https:\/\/moblesllombart.com\/es\/muebles-salon-comedor-puigcerda\/\"><img loading=\"lazy\" decoding=\"async\" width=\"525\" height=\"296\" src=\"https:\/\/moblesllombart.com\/wp-content\/uploads\/2019\/01\/armaris-prestatgeries-puigcerda.jpg\" alt=\"Tienda armarios y estanterias en Puigcerda. Muebles Llombart.\" class=\"wp-image-168\" srcset=\"https:\/\/moblesllombart.com\/wp-content\/uploads\/2019\/01\/armaris-prestatgeries-puigcerda.jpg 525w, https:\/\/moblesllombart.com\/wp-content\/uploads\/2019\/01\/armaris-prestatgeries-puigcerda-300x169.jpg 300w\" sizes=\"auto, (max-width: 525px) 100vw, 525px\" \/><\/a><\/figure><\/div>\n\n\n\n<p class=\"has-text-align-center\">Armarios y estanter\u00edas para habitaciones y salones.<\/p>\n<\/div>\n\n\n\n<div class=\"wp-block-column is-layout-flow wp-block-column-is-layout-flow\">\n<h3 class=\"has-text-align-center wp-block-heading\"><a href=\"https:\/\/moblesllombart.com\/es\/mueble-auxiliar\/\">Mobiliario auxiliar<\/a> <\/h3>\n\n\n\n<div class=\"wp-block-image\"><figure class=\"aligncenter size-large\"><a href=\"https:\/\/moblesllombart.com\/es\/mueble-auxiliar\/\"><img loading=\"lazy\" decoding=\"async\" width=\"525\" height=\"296\" src=\"https:\/\/moblesllombart.com\/wp-content\/uploads\/2020\/12\/mobiliari-auxiliar-puigcerda-3.jpg\" alt=\"Mobiliario auxiliar y complementos. Tienda en Puigcerda. Muebles Llombart.\" class=\"wp-image-860\" srcset=\"https:\/\/moblesllombart.com\/wp-content\/uploads\/2020\/12\/mobiliari-auxiliar-puigcerda-3.jpg 525w, https:\/\/moblesllombart.com\/wp-content\/uploads\/2020\/12\/mobiliari-auxiliar-puigcerda-3-300x169.jpg 300w\" sizes=\"auto, (max-width: 525px) 100vw, 525px\" \/><\/a><\/figure><\/div>\n\n\n\n<p class=\"has-text-align-center\">Mobiliario auxiliar y complementos para dar vida a su hogar.<\/p>\n<\/div>\n<\/div>\n<\/div><\/div>\n\n\n\n<div class=\"wp-block-group\"><div class=\"wp-block-group__inner-container is-layout-flow wp-block-group-is-layout-flow\">\n<div class=\"wp-block-columns has-3-columns is-layout-flex wp-container-core-columns-is-layout-9d6595d7 wp-block-columns-is-layout-flex\">\n<div class=\"wp-block-column is-layout-flow wp-block-column-is-layout-flow\">\n<h3 class=\"has-text-align-center wp-block-heading\"><a href=\"https:\/\/moblesllombart.com\/es\/tienda-sofas-puigcerda\/\">Sof\u00e1s<\/a><\/h3>\n\n\n\n<div class=\"wp-block-image\"><figure class=\"aligncenter size-large\"><a href=\"https:\/\/moblesllombart.com\/es\/tienda-sofas-puigcerda\/\"><img loading=\"lazy\" decoding=\"async\" width=\"525\" height=\"296\" src=\"https:\/\/moblesllombart.com\/wp-content\/uploads\/2020\/12\/sofas-tienda-puigcerda-1.jpg\" alt=\"Tienda Sof\u00e1s Puigcerd\u00e1. Muebles Llombart\" class=\"wp-image-823\" srcset=\"https:\/\/moblesllombart.com\/wp-content\/uploads\/2020\/12\/sofas-tienda-puigcerda-1.jpg 525w, https:\/\/moblesllombart.com\/wp-content\/uploads\/2020\/12\/sofas-tienda-puigcerda-1-300x169.jpg 300w\" sizes=\"auto, (max-width: 525px) 100vw, 525px\" \/><\/a><\/figure><\/div>\n\n\n\n<p class=\"has-text-align-center\">Sof\u00e1s, sillones y sof\u00e1s-cama para disfrutar de la comodidad en casa.<\/p>\n<\/div>\n\n\n\n<div class=\"wp-block-column is-layout-flow wp-block-column-is-layout-flow\">\n<h3 class=\"has-text-align-center wp-block-heading\"><a href=\"https:\/\/moblesllombart.com\/es\/tienda-camas-dormitorios-puigcerda\/\">Camas<\/a><\/h3>\n\n\n\n<div class=\"wp-block-image\"><figure class=\"aligncenter size-large\"><a href=\"https:\/\/moblesllombart.com\/es\/tienda-camas-dormitorios-puigcerda\/\"><img loading=\"lazy\" decoding=\"async\" width=\"525\" height=\"296\" src=\"https:\/\/moblesllombart.com\/wp-content\/uploads\/2020\/12\/camas-tienda-puigcerda-1.jpg\" alt=\"Tienda de camas en Puigcerda\" class=\"wp-image-806\" srcset=\"https:\/\/moblesllombart.com\/wp-content\/uploads\/2020\/12\/camas-tienda-puigcerda-1.jpg 525w, https:\/\/moblesllombart.com\/wp-content\/uploads\/2020\/12\/camas-tienda-puigcerda-1-300x169.jpg 300w\" sizes=\"auto, (max-width: 525px) 100vw, 525px\" \/><\/a><\/figure><\/div>\n\n\n\n<p class=\"has-text-align-center\">Camas r\u00fasticas y modernas, literas para ni\u00f1os y canap\u00e9s abatibles.<\/p>\n<\/div>\n\n\n\n<div class=\"wp-block-column is-layout-flow wp-block-column-is-layout-flow\">\n<h3 class=\"has-text-align-center wp-block-heading\"><a href=\"https:\/\/moblesllombart.com\/es\/tienda-colchones-puigcerda\/\">Colchones<\/a><\/h3>\n\n\n\n<div class=\"wp-block-image\"><figure class=\"aligncenter\"><a href=\"https:\/\/moblesllombart.com\/es\/tienda-colchones-puigcerda\"><img loading=\"lazy\" decoding=\"async\" width=\"525\" height=\"296\" src=\"https:\/\/moblesllombart.com\/wp-content\/uploads\/2019\/01\/colchones-tienda-puigcerda.jpg\" alt=\"Colchones Flex, Pikolin. Puigcerd\u00e0. Muebles llombart.\" class=\"wp-image-194\" srcset=\"https:\/\/moblesllombart.com\/wp-content\/uploads\/2019\/01\/colchones-tienda-puigcerda.jpg 525w, https:\/\/moblesllombart.com\/wp-content\/uploads\/2019\/01\/colchones-tienda-puigcerda-300x169.jpg 300w\" sizes=\"auto, (max-width: 525px) 100vw, 525px\" \/><\/a><\/figure><\/div>\n\n\n\n<p class=\"has-text-align-center\">La mejor calidad\/precio. Colchones de muelles ensacados, l\u00e1tex, viscoel\u00e1stica o espuma. Todas las medidas. <\/p>\n<\/div>\n<\/div>\n<\/div><\/div>\n\n\n\n<div style=\"height:60px\" aria-hidden=\"true\" class=\"wp-block-spacer\"><\/div>\n\n\n\n<div class=\"wp-block-cover alignfull has-background-dim-60 has-background-dim has-parallax has-background-gradient\" style=\"background-image:url(https:\/\/moblesllombart.com\/wp-content\/uploads\/2019\/01\/mobles-llombart-mobiliari-puigcerda-cerdanya.jpg)\"><span aria-hidden=\"true\" class=\"wp-block-cover__gradient-background\" style=\"background:linear-gradient(90deg,rgb(27,72,40) 39%,rgba(28,74,44,0.78) 100%)\"><\/span><div class=\"wp-block-cover__inner-container is-layout-flow wp-block-cover-is-layout-flow\">\n<div class=\"gb-container gb-container-09392b1a\"><div class=\"gb-inside-container\">\n<div class=\"gb-grid-wrapper gb-grid-wrapper-afbc9902\">\n<div class=\"gb-grid-column gb-grid-column-44e7a489\"><div class=\"gb-container gb-container-44e7a489\"><div class=\"gb-inside-container\">\n<p style=\"color:#ffffff\" class=\"has-text-color has-text-align-center has-large-font-size\"> <br>Muebles Llombart: 600 m2 de exposici\u00f3n en Puigcerd\u00e1. Gran variedad y ofertas en colchones de todo tipos, sof\u00e1s y mobiliario.<\/p>\n<\/div><\/div><\/div>\n<\/div>\n<\/div><\/div>\n<\/div><\/div>\n\n\n\n<div class=\"wp-block-group\"><div class=\"wp-block-group__inner-container is-layout-flow wp-block-group-is-layout-flow\">\n<div class=\"wp-block-columns has-3-columns is-layout-flex wp-container-core-columns-is-layout-9d6595d7 wp-block-columns-is-layout-flex\">\n<div class=\"wp-block-column is-layout-flow wp-block-column-is-layout-flow\">\n<h3 class=\"has-text-align-center wp-block-heading\"><a href=\"https:\/\/moblesllombart.com\/es\/cortinas-puigcerda\/\">Cortinas<\/a><\/h3>\n\n\n\n<div class=\"wp-block-image\"><figure class=\"aligncenter\"><a href=\"https:\/\/moblesllombart.com\/es\/cortinas-puigcerda\/\"><img loading=\"lazy\" decoding=\"async\" width=\"525\" height=\"296\" src=\"https:\/\/moblesllombart.com\/wp-content\/uploads\/2019\/01\/cortinas-tienda-puigcerda.jpg\" alt=\"Cortinas tienda en Puigcerd\u00e0. Muebles Llombart.\" class=\"wp-image-196\" srcset=\"https:\/\/moblesllombart.com\/wp-content\/uploads\/2019\/01\/cortinas-tienda-puigcerda.jpg 525w, https:\/\/moblesllombart.com\/wp-content\/uploads\/2019\/01\/cortinas-tienda-puigcerda-300x169.jpg 300w\" sizes=\"auto, (max-width: 525px) 100vw, 525px\" \/><\/a><\/figure><\/div>\n\n\n\n<p class=\"has-text-align-center\">Cortinas&nbsp;y visillos&nbsp;para el sal\u00f3n, el dormitorio o la cocina. Un elemento que marca la diferencia en tu hogar.<\/p>\n<\/div>\n\n\n\n<div class=\"wp-block-column is-layout-flow wp-block-column-is-layout-flow\">\n<h3 class=\"has-text-align-center wp-block-heading\"><a href=\"https:\/\/moblesllombart.com\/es\/contacto\/\">Antig\u00fcedades<\/a><\/h3>\n\n\n\n<div class=\"wp-block-image\"><figure class=\"aligncenter\"><a href=\"https:\/\/moblesllombart.com\/es\/contacto\/\"><img loading=\"lazy\" decoding=\"async\" width=\"525\" height=\"296\" src=\"https:\/\/moblesllombart.com\/wp-content\/uploads\/2019\/01\/antiguedades-tienda-restauracion-puigcerda.jpg\" alt=\"Antig\u00fcedades. Compra y venta en Puigcerd\u00e0. Mobles Llombart.\" class=\"wp-image-190\" srcset=\"https:\/\/moblesllombart.com\/wp-content\/uploads\/2019\/01\/antiguedades-tienda-restauracion-puigcerda.jpg 525w, https:\/\/moblesllombart.com\/wp-content\/uploads\/2019\/01\/antiguedades-tienda-restauracion-puigcerda-300x169.jpg 300w\" sizes=\"auto, (max-width: 525px) 100vw, 525px\" \/><\/a><\/figure><\/div>\n\n\n\n<p class=\"has-text-align-center\">Compra, venta y restauraci\u00f3n de antig\u00fcedades.<\/p>\n<\/div>\n\n\n\n<div class=\"wp-block-column is-layout-flow wp-block-column-is-layout-flow\">\n<h3 class=\"has-text-align-center wp-block-heading\"><a href=\"https:\/\/moblesllombart.com\/es\/proyectos-decoracion-puigcerda\/\">Proyectos decoraci\u00f3n<\/a><\/h3>\n\n\n\n<div class=\"wp-block-image\"><figure class=\"aligncenter\"><a href=\"https:\/\/moblesllombart.com\/es\/proyectos-decoracion-puigcerda\/\"><img loading=\"lazy\" decoding=\"async\" width=\"525\" height=\"296\" src=\"https:\/\/moblesllombart.com\/wp-content\/uploads\/2019\/01\/dise\u00f1o-interiores-puigcerda.jpg\" alt=\"Proyectos decoraci\u00f3n a medida. Puigcerda. Muebles Llombart.\" class=\"wp-image-198\" srcset=\"https:\/\/moblesllombart.com\/wp-content\/uploads\/2019\/01\/dise\u00f1o-interiores-puigcerda.jpg 525w, https:\/\/moblesllombart.com\/wp-content\/uploads\/2019\/01\/dise\u00f1o-interiores-puigcerda-300x169.jpg 300w\" sizes=\"auto, (max-width: 525px) 100vw, 525px\" \/><\/a><\/figure><\/div>\n\n\n\n<p class=\"has-text-align-center\">\u00bfNecesitas ayuda? Realizamos proyectos de decoraci\u00f3n a medida. <\/p>\n<\/div>\n<\/div>\n<\/div><\/div>\n","protected":false},"excerpt":{"rendered":"<p>Mesas y sillas Mesas y sillas r\u00fasticas y modernas, calidad y funcionalidad para su sal\u00f3n. Armarios y estanter\u00edas Armarios y estanter\u00edas para habitaciones y salones. Mobiliario auxiliar Mobiliario auxiliar y complementos para dar vida a su hogar. Sof\u00e1s Sof\u00e1s, sillones y sof\u00e1s-cama para disfrutar de la comodidad en casa. Camas Camas r\u00fasticas y modernas, literas &#8230; <a title=\"Inicio\" class=\"read-more\" href=\"https:\/\/moblesllombart.com\/es\/\" aria-label=\"Leer m\u00e1s sobre Inicio\">Leer m\u00e1s<\/a><\/p>\n","protected":false},"author":1,"featured_media":0,"parent":0,"menu_order":0,"comment_status":"closed","ping_status":"open","template":"","meta":{"footnotes":""},"class_list":["post-34","page","type-page","status-publish"],"yoast_head":"<!-- This site is optimized with the Yoast SEO plugin v27.5 - https:\/\/yoast.com\/product\/yoast-seo-wordpress\/ -->\n<title>Muebles Llombart | Mobiliario, Colchones, Antig\u00fcedades | Puigcerd\u00e1<\/title>\n<meta name=\"description\" content=\"Muebles Llombart, tienda mobiliario y colchones en Puigcerd\u00e1 (Cerdanya). Mobiliario r\u00fastico, colonial y moderno. Decoraci\u00f3n hogar. Compraventa antig\u00fcedades.\" \/>\n<meta name=\"robots\" content=\"index, follow, max-snippet:-1, max-image-preview:large, max-video-preview:-1\" \/>\n<link rel=\"canonical\" href=\"https:\/\/moblesllombart.com\/es\/\" \/>\n<meta property=\"og:locale\" content=\"es_ES\" \/>\n<meta property=\"og:type\" content=\"article\" \/>\n<meta property=\"og:title\" content=\"Muebles Llombart | Mobiliario, Colchones, Antig\u00fcedades | Puigcerd\u00e1\" \/>\n<meta property=\"og:description\" content=\"Muebles Llombart, tienda mobiliario y colchones en Puigcerd\u00e1 (Cerdanya). Mobiliario r\u00fastico, colonial y moderno. Decoraci\u00f3n hogar. Compraventa antig\u00fcedades.\" \/>\n<meta property=\"og:url\" content=\"https:\/\/moblesllombart.com\/es\/\" \/>\n<meta property=\"og:site_name\" content=\"Muebles Llombart\" \/>\n<meta property=\"article:modified_time\" content=\"2021-01-04T09:37:00+00:00\" \/>\n<meta property=\"og:image\" content=\"https:\/\/moblesllombart.com\/wp-content\/uploads\/2021\/01\/taules-cadires-mobles-puigcerda.jpg\" \/>\n<meta name=\"twitter:card\" content=\"summary_large_image\" \/>\n<meta name=\"twitter:label1\" content=\"Tiempo de lectura\" \/>\n\t<meta name=\"twitter:data1\" content=\"1 minuto\" \/>\n<script type=\"application\/ld+json\" class=\"yoast-schema-graph\">{\"@context\":\"https:\\\/\\\/schema.org\",\"@graph\":[{\"@type\":\"WebPage\",\"@id\":\"https:\\\/\\\/moblesllombart.com\\\/es\\\/\",\"url\":\"https:\\\/\\\/moblesllombart.com\\\/es\\\/\",\"name\":\"Muebles Llombart | Mobiliario, Colchones, Antig\u00fcedades | Puigcerd\u00e1\",\"isPartOf\":{\"@id\":\"https:\\\/\\\/moblesllombart.com\\\/es\\\/#website\"},\"primaryImageOfPage\":{\"@id\":\"https:\\\/\\\/moblesllombart.com\\\/es\\\/#primaryimage\"},\"image\":{\"@id\":\"https:\\\/\\\/moblesllombart.com\\\/es\\\/#primaryimage\"},\"thumbnailUrl\":\"https:\\\/\\\/moblesllombart.com\\\/wp-content\\\/uploads\\\/2021\\\/01\\\/taules-cadires-mobles-puigcerda.jpg\",\"datePublished\":\"2018-06-18T09:08:28+00:00\",\"dateModified\":\"2021-01-04T09:37:00+00:00\",\"description\":\"Muebles Llombart, tienda mobiliario y colchones en Puigcerd\u00e1 (Cerdanya). Mobiliario r\u00fastico, colonial y moderno. Decoraci\u00f3n hogar. Compraventa antig\u00fcedades.\",\"breadcrumb\":{\"@id\":\"https:\\\/\\\/moblesllombart.com\\\/es\\\/#breadcrumb\"},\"inLanguage\":\"es\",\"potentialAction\":[{\"@type\":\"ReadAction\",\"target\":[\"https:\\\/\\\/moblesllombart.com\\\/es\\\/\"]}]},{\"@type\":\"ImageObject\",\"inLanguage\":\"es\",\"@id\":\"https:\\\/\\\/moblesllombart.com\\\/es\\\/#primaryimage\",\"url\":\"https:\\\/\\\/moblesllombart.com\\\/wp-content\\\/uploads\\\/2021\\\/01\\\/taules-cadires-mobles-puigcerda.jpg\",\"contentUrl\":\"https:\\\/\\\/moblesllombart.com\\\/wp-content\\\/uploads\\\/2021\\\/01\\\/taules-cadires-mobles-puigcerda.jpg\"},{\"@type\":\"BreadcrumbList\",\"@id\":\"https:\\\/\\\/moblesllombart.com\\\/es\\\/#breadcrumb\",\"itemListElement\":[{\"@type\":\"ListItem\",\"position\":1,\"name\":\"Inici\",\"item\":\"https:\\\/\\\/moblesllombart.com\\\/es\\\/\"},{\"@type\":\"ListItem\",\"position\":2,\"name\":\"Inicio\"}]},{\"@type\":\"WebSite\",\"@id\":\"https:\\\/\\\/moblesllombart.com\\\/es\\\/#website\",\"url\":\"https:\\\/\\\/moblesllombart.com\\\/es\\\/\",\"name\":\"Muebles Llombart\",\"description\":\"Muebles y Colchones Puigcerd\u00e1 - Cerdanya\",\"publisher\":{\"@id\":\"https:\\\/\\\/moblesllombart.com\\\/es\\\/#organization\"},\"potentialAction\":[{\"@type\":\"SearchAction\",\"target\":{\"@type\":\"EntryPoint\",\"urlTemplate\":\"https:\\\/\\\/moblesllombart.com\\\/es\\\/?s={search_term_string}\"},\"query-input\":{\"@type\":\"PropertyValueSpecification\",\"valueRequired\":true,\"valueName\":\"search_term_string\"}}],\"inLanguage\":\"es\"},{\"@type\":\"Organization\",\"@id\":\"https:\\\/\\\/moblesllombart.com\\\/es\\\/#organization\",\"name\":\"Muebles Llombart\",\"url\":\"https:\\\/\\\/moblesllombart.com\\\/es\\\/\",\"logo\":{\"@type\":\"ImageObject\",\"inLanguage\":\"es\",\"@id\":\"https:\\\/\\\/moblesllombart.com\\\/es\\\/#\\\/schema\\\/logo\\\/image\\\/\",\"url\":\"https:\\\/\\\/moblesllombart.com\\\/wp-content\\\/uploads\\\/2019\\\/01\\\/mobles-llombart-1.svg\",\"contentUrl\":\"https:\\\/\\\/moblesllombart.com\\\/wp-content\\\/uploads\\\/2019\\\/01\\\/mobles-llombart-1.svg\",\"caption\":\"Muebles Llombart\"},\"image\":{\"@id\":\"https:\\\/\\\/moblesllombart.com\\\/es\\\/#\\\/schema\\\/logo\\\/image\\\/\"},\"sameAs\":[\"https:\\\/\\\/www.instagram.com\\\/moblesllombart\\\/\"]}]}<\/script>\n<!-- \/ Yoast SEO plugin. -->","yoast_head_json":{"title":"Muebles Llombart | Mobiliario, Colchones, Antig\u00fcedades | Puigcerd\u00e1","description":"Muebles Llombart, tienda mobiliario y colchones en Puigcerd\u00e1 (Cerdanya). Mobiliario r\u00fastico, colonial y moderno. Decoraci\u00f3n hogar. Compraventa antig\u00fcedades.","robots":{"index":"index","follow":"follow","max-snippet":"max-snippet:-1","max-image-preview":"max-image-preview:large","max-video-preview":"max-video-preview:-1"},"canonical":"https:\/\/moblesllombart.com\/es\/","og_locale":"es_ES","og_type":"article","og_title":"Muebles Llombart | Mobiliario, Colchones, Antig\u00fcedades | Puigcerd\u00e1","og_description":"Muebles Llombart, tienda mobiliario y colchones en Puigcerd\u00e1 (Cerdanya). Mobiliario r\u00fastico, colonial y moderno. Decoraci\u00f3n hogar. Compraventa antig\u00fcedades.","og_url":"https:\/\/moblesllombart.com\/es\/","og_site_name":"Muebles Llombart","article_modified_time":"2021-01-04T09:37:00+00:00","og_image":[{"url":"https:\/\/moblesllombart.com\/wp-content\/uploads\/2021\/01\/taules-cadires-mobles-puigcerda.jpg","type":"","width":"","height":""}],"twitter_card":"summary_large_image","twitter_misc":{"Tiempo de lectura":"1 minuto"},"schema":{"@context":"https:\/\/schema.org","@graph":[{"@type":"WebPage","@id":"https:\/\/moblesllombart.com\/es\/","url":"https:\/\/moblesllombart.com\/es\/","name":"Muebles Llombart | Mobiliario, Colchones, Antig\u00fcedades | Puigcerd\u00e1","isPartOf":{"@id":"https:\/\/moblesllombart.com\/es\/#website"},"primaryImageOfPage":{"@id":"https:\/\/moblesllombart.com\/es\/#primaryimage"},"image":{"@id":"https:\/\/moblesllombart.com\/es\/#primaryimage"},"thumbnailUrl":"https:\/\/moblesllombart.com\/wp-content\/uploads\/2021\/01\/taules-cadires-mobles-puigcerda.jpg","datePublished":"2018-06-18T09:08:28+00:00","dateModified":"2021-01-04T09:37:00+00:00","description":"Muebles Llombart, tienda mobiliario y colchones en Puigcerd\u00e1 (Cerdanya). Mobiliario r\u00fastico, colonial y moderno. Decoraci\u00f3n hogar. Compraventa antig\u00fcedades.","breadcrumb":{"@id":"https:\/\/moblesllombart.com\/es\/#breadcrumb"},"inLanguage":"es","potentialAction":[{"@type":"ReadAction","target":["https:\/\/moblesllombart.com\/es\/"]}]},{"@type":"ImageObject","inLanguage":"es","@id":"https:\/\/moblesllombart.com\/es\/#primaryimage","url":"https:\/\/moblesllombart.com\/wp-content\/uploads\/2021\/01\/taules-cadires-mobles-puigcerda.jpg","contentUrl":"https:\/\/moblesllombart.com\/wp-content\/uploads\/2021\/01\/taules-cadires-mobles-puigcerda.jpg"},{"@type":"BreadcrumbList","@id":"https:\/\/moblesllombart.com\/es\/#breadcrumb","itemListElement":[{"@type":"ListItem","position":1,"name":"Inici","item":"https:\/\/moblesllombart.com\/es\/"},{"@type":"ListItem","position":2,"name":"Inicio"}]},{"@type":"WebSite","@id":"https:\/\/moblesllombart.com\/es\/#website","url":"https:\/\/moblesllombart.com\/es\/","name":"Muebles Llombart","description":"Muebles y Colchones Puigcerd\u00e1 - Cerdanya","publisher":{"@id":"https:\/\/moblesllombart.com\/es\/#organization"},"potentialAction":[{"@type":"SearchAction","target":{"@type":"EntryPoint","urlTemplate":"https:\/\/moblesllombart.com\/es\/?s={search_term_string}"},"query-input":{"@type":"PropertyValueSpecification","valueRequired":true,"valueName":"search_term_string"}}],"inLanguage":"es"},{"@type":"Organization","@id":"https:\/\/moblesllombart.com\/es\/#organization","name":"Muebles Llombart","url":"https:\/\/moblesllombart.com\/es\/","logo":{"@type":"ImageObject","inLanguage":"es","@id":"https:\/\/moblesllombart.com\/es\/#\/schema\/logo\/image\/","url":"https:\/\/moblesllombart.com\/wp-content\/uploads\/2019\/01\/mobles-llombart-1.svg","contentUrl":"https:\/\/moblesllombart.com\/wp-content\/uploads\/2019\/01\/mobles-llombart-1.svg","caption":"Muebles Llombart"},"image":{"@id":"https:\/\/moblesllombart.com\/es\/#\/schema\/logo\/image\/"},"sameAs":["https:\/\/www.instagram.com\/moblesllombart\/"]}]}},"_links":{"self":[{"href":"https:\/\/moblesllombart.com\/es\/wp-json\/wp\/v2\/pages\/34","targetHints":{"allow":["GET"]}}],"collection":[{"href":"https:\/\/moblesllombart.com\/es\/wp-json\/wp\/v2\/pages"}],"about":[{"href":"https:\/\/moblesllombart.com\/es\/wp-json\/wp\/v2\/types\/page"}],"author":[{"embeddable":true,"href":"https:\/\/moblesllombart.com\/es\/wp-json\/wp\/v2\/users\/1"}],"replies":[{"embeddable":true,"href":"https:\/\/moblesllombart.com\/es\/wp-json\/wp\/v2\/comments?post=34"}],"version-history":[{"count":0,"href":"https:\/\/moblesllombart.com\/es\/wp-json\/wp\/v2\/pages\/34\/revisions"}],"wp:attachment":[{"href":"https:\/\/moblesllombart.com\/es\/wp-json\/wp\/v2\/media?parent=34"}],"curies":[{"name":"wp","href":"https:\/\/api.w.org\/{rel}","templated":true}]}}